{"id":1328,"date":"2025-08-20T09:10:51","date_gmt":"2025-08-20T09:10:51","guid":{"rendered":"https:\/\/waldluetle-ev.de\/?page_id=1328"},"modified":"2025-09-10T08:18:40","modified_gmt":"2025-09-10T08:18:40","slug":"home","status":"publish","type":"page","link":"https:\/\/waldluetle-ev.de\/","title":{"rendered":"Home"},"content":{"rendered":"<p>[et_pb_section fb_built=&#8220;1&#8243; disabled_on=&#8220;on|on|off&#8220; _builder_version=&#8220;4.27.4&#8243; _module_preset=&#8220;default&#8220; background_image=&#8220;https:\/\/waldluetle-ev.de\/wp-content\/uploads\/2025\/08\/hintergrund-wald-eberfingen-waldluetle-4.jpg&#8220; parallax=&#8220;on&#8220; z_index=&#8220;2&#8243; custom_margin=&#8220;0px||0px||false|false&#8220; custom_padding=&#8220;0px||0px||false|false&#8220; box_shadow_style=&#8220;preset3&#8243; global_colors_info=&#8220;{}&#8220;][et_pb_row _builder_version=&#8220;4.17.3&#8243; _module_preset=&#8220;default&#8220; custom_margin=&#8220;0px||0px||false|false&#8220; custom_padding=&#8220;0px||0px||false|false&#8220; global_colors_info=&#8220;{}&#8220;][et_pb_column type=&#8220;4_4&#8243; _builder_version=&#8220;4.17.3&#8243; _module_preset=&#8220;default&#8220; custom_padding=&#8220;0px||0px||false|false&#8220; global_colors_info=&#8220;{}&#8220;][et_pb_text content_tablet=&#8220;<\/p>\n<h1>Narrenverein Waldl\u00fcttle Eberfingen<\/h1>\n<p>&#8220; content_phone=&#8220;<\/p>\n<h1>Narrenverein Waldl\u00fcttle Eberfingen<\/h1>\n<p>&#8220; content_last_edited=&#8220;on|phone&#8220; _builder_version=&#8220;4.27.4&#8243; _module_preset=&#8220;default&#8220; header_font=&#8220;Roboto Slab|700|||||||&#8220; header_text_align=&#8220;center&#8220; header_text_color=&#8220;#FFFFFF&#8220; header_font_size=&#8220;47px&#8220; header_letter_spacing=&#8220;2px&#8220; transform_translate=&#8220;0px|60px&#8220; transform_translate_linked=&#8220;off&#8220; custom_margin=&#8220;0px||0px||false|false&#8220; custom_margin_tablet=&#8220;0px||0px||false|false&#8220; custom_margin_phone=&#8220;0px||||false|false&#8220; custom_margin_last_edited=&#8220;on|phone&#8220; custom_padding=&#8220;0px||0px||false|false&#8220; header_font_tablet=&#8220;Roboto Serif|700|||||||&#8220; header_font_phone=&#8220;Roboto Serif|700|||||||&#8220; header_font_last_edited=&#8220;on|phone&#8220; header_text_shadow_style=&#8220;preset1&#8243; header_text_shadow_blur_strength=&#8220;0.16em&#8220; header_text_shadow_color=&#8220;rgba(0,0,0,0.93)&#8220; global_colors_info=&#8220;{}&#8220;]<\/p>\n<h1>Narrenverein Waldl\u00fcttle Eberfingen<\/h1>\n<p>[\/et_pb_text][\/et_pb_column][\/et_pb_row][et_pb_row _builder_version=&#8220;4.17.3&#8243; _module_preset=&#8220;default&#8220; transform_translate=&#8220;0px|70px&#8220; transform_translate_linked=&#8220;off&#8220; custom_margin=&#8220;0px|auto|0px|auto|false|false&#8220; custom_padding=&#8220;0px||0px||false|false&#8220; global_colors_info=&#8220;{}&#8220;][et_pb_column type=&#8220;4_4&#8243; _builder_version=&#8220;4.17.3&#8243; _module_preset=&#8220;default&#8220; custom_padding=&#8220;0px||0px||false|false&#8220; global_colors_info=&#8220;{}&#8220;][et_pb_image src=&#8220;https:\/\/waldluetle-ev.de\/wp-content\/uploads\/2025\/08\/startseite-eberfingen-waldluetle-4.png&#8220; alt=&#8220;startseite-eberfingen-waldluetle-2&#8243; title_text=&#8220;startseite-eberfingen-waldluetle-4&#8243; align=&#8220;center&#8220; _builder_version=&#8220;4.17.3&#8243; _module_preset=&#8220;default&#8220; transform_translate_linked=&#8220;off&#8220; z_index=&#8220;-19&#8243; custom_margin=&#8220;0px||0px||false|false&#8220; custom_padding=&#8220;0px|||||&#8220; global_colors_info=&#8220;{}&#8220;][\/et_pb_image][\/et_pb_column][\/et_pb_row][\/et_pb_section][et_pb_section fb_built=&#8220;1&#8243; disabled_on=&#8220;off|off|on&#8220; _builder_version=&#8220;4.27.4&#8243; _module_preset=&#8220;default&#8220; background_color=&#8220;rgba(255,255,255,0)&#8220; background_image=&#8220;https:\/\/waldluetle-ev.de\/wp-content\/uploads\/2025\/08\/startseite-walduetle-eberfingen-mobil-1.jpg&#8220; background_position=&#8220;bottom_center&#8220; z_index=&#8220;2&#8243; min_height=&#8220;555px&#8220; min_height_tablet=&#8220;900px&#8220; min_height_phone=&#8220;620px&#8220; min_height_last_edited=&#8220;on|phone&#8220; custom_margin=&#8220;0px||0px||false|false&#8220; custom_padding=&#8220;8px||0px||false|false&#8220; global_colors_info=&#8220;{}&#8220;][et_pb_row _builder_version=&#8220;4.27.4&#8243; _module_preset=&#8220;default&#8220; custom_margin=&#8220;30px|auto|0px|auto|false|false&#8220; custom_margin_tablet=&#8220;40px||||false|false&#8220; custom_margin_phone=&#8220;30px||||false|false&#8220; custom_margin_last_edited=&#8220;on|desktop&#8220; custom_padding=&#8220;0px||0px||false|false&#8220; global_colors_info=&#8220;{}&#8220;][et_pb_column type=&#8220;4_4&#8243; _builder_version=&#8220;4.17.3&#8243; _module_preset=&#8220;default&#8220; custom_padding=&#8220;0px||0px||false|false&#8220; global_colors_info=&#8220;{}&#8220;][et_pb_text content_tablet=&#8220;<\/p>\n<h1>Narrenverein Waldl\u00fcttle Eberfingen<\/h1>\n<p>&#8220; content_phone=&#8220;<\/p>\n<h1>Narrenverein Waldl\u00fcttle Eberfingen<\/h1>\n<p>&#8220; content_last_edited=&#8220;on|phone&#8220; _builder_version=&#8220;4.27.4&#8243; _module_preset=&#8220;default&#8220; header_font=&#8220;Arbutus Slab|700|||||||&#8220; header_text_align=&#8220;center&#8220; header_text_color=&#8220;#FFFFFF&#8220; header_font_size=&#8220;46px&#8220; transform_translate_linked=&#8220;off&#8220; custom_margin=&#8220;0px||0px||false|false&#8220; custom_padding=&#8220;0px||0px||false|false&#8220; hover_enabled=&#8220;0&#8243; header_font_size_tablet=&#8220;48px&#8220; header_font_size_phone=&#8220;38px&#8220; header_font_size_last_edited=&#8220;on|desktop&#8220; header_line_height_tablet=&#8220;1.2em&#8220; header_line_height_phone=&#8220;1.1em&#8220; header_line_height_last_edited=&#8220;on|desktop&#8220; header_text_shadow_style=&#8220;preset1&#8243; header_text_shadow_blur_strength=&#8220;0.16em&#8220; header_text_shadow_color=&#8220;rgba(0,0,0,0.93)&#8220; global_colors_info=&#8220;{}&#8220; sticky_enabled=&#8220;0&#8243;]<\/p>\n<h1>Narrenverein Waldl\u00fctle Eberfingen<\/h1>\n<p>[\/et_pb_text][\/et_pb_column][\/et_pb_row][\/et_pb_section][et_pb_section fb_built=&#8220;1&#8243; admin_label=&#8220;Sektion&#8220; _builder_version=&#8220;4.27.4&#8243; background_color=&#8220;rgba(255,255,255,0)&#8220; background_enable_image=&#8220;off&#8220; parallax=&#8220;on&#8220; parallax_method=&#8220;off&#8220; custom_margin=&#8220;0px||150px||false|false&#8220; custom_margin_tablet=&#8220;||100px||false|false&#8220; custom_margin_phone=&#8220;||80px||false|false&#8220; custom_margin_last_edited=&#8220;on|desktop&#8220; custom_padding=&#8220;0px||0px||false|false&#8220; custom_padding_tablet=&#8220;150px||150px|&#8220; transparent_background=&#8220;on&#8220; make_fullwidth=&#8220;off&#8220; use_custom_width=&#8220;off&#8220; width_unit=&#8220;on&#8220; global_colors_info=&#8220;{}&#8220;][et_pb_row custom_padding_last_edited=&#8220;on|phone&#8220; admin_label=&#8220;Zeile&#8220; _builder_version=&#8220;4.27.4&#8243; background_size=&#8220;initial&#8220; background_position=&#8220;top_left&#8220; background_repeat=&#8220;repeat&#8220; width_tablet=&#8220;100%&#8220; width_phone=&#8220;100%&#8220; width_last_edited=&#8220;on|desktop&#8220; custom_margin=&#8220;||0px||false|false&#8220; custom_padding=&#8220;100px||5px||false|false&#8220; custom_padding_tablet=&#8220;50px||||false|false&#8220; custom_padding_phone=&#8220;50px||||false|false&#8220; global_colors_info=&#8220;{}&#8220;][et_pb_column type=&#8220;4_4&#8243; _builder_version=&#8220;4.16&#8243; custom_padding=&#8220;|||&#8220; global_colors_info=&#8220;{}&#8220; custom_padding__hover=&#8220;|||&#8220;][et_pb_text content_tablet=&#8220;<\/p>\n<p>Chr\u00fctterwiebli, Wurzelsepp, Narri Narri Narro,<br \/>jedes Johr um d\u2018Fasnetzit, do sind mer wieder do.<br \/>Und wem mer ch\u00f6mmet us \u00e4m Wald,<br \/>sufet Bier und Schnaps, dass\u2018s knallt,<br \/>sp\u00fcret\u2018s alli L\u00fct,<br \/>Fasnet mach\u00e4, \u201as isch halt so,<br \/>\u00f6b&#8217;s bi \u00fcs, \u00f6b&#8217;s anderschtwo,<br \/>&#8217;s h\u00e4lt en jed\u00e4 fit.<\/p>\n<p>&#8220; content_phone=&#8220;<\/p>\n<p style=%22text-align: center;%22>Chr\u00fctterwiebli, Wurzelsepp, <br \/>Narri Narri Narro,<br \/>jedes Johr um d\u2018Fasnetzit, do sind mer wieder do.<br \/>Und wem mer ch\u00f6mmet us \u00e4m Wald,<br \/>sufet Bier und Schnaps, dass\u2018s knallt,<br \/>sp\u00fcret\u2018s alli L\u00fct,<br \/>Fasnet mach\u00e4, \u201as isch halt so,<br \/>\u00f6b&#8217;s bi \u00fcs, \u00f6b&#8217;s anderschtwo,<br \/>&#8217;s h\u00e4lt en jed\u00e4 fit.<\/p>\n<p>&#8220; content_last_edited=&#8220;on|tablet&#8220; admin_label=&#8220;Zitat&#8220; _builder_version=&#8220;4.27.4&#8243; text_font=&#8220;Roboto||||||||&#8220; text_text_color=&#8220;#000000&#8243; text_font_size=&#8220;27px&#8220; text_line_height=&#8220;1.5em&#8220; background_enable_color=&#8220;off&#8220; background_size=&#8220;initial&#8220; background_position=&#8220;top_left&#8220; background_repeat=&#8220;repeat&#8220; text_orientation=&#8220;center&#8220; background_layout=&#8220;dark&#8220; max_width=&#8220;70%&#8220; max_width_tablet=&#8220;100%&#8220; max_width_phone=&#8220;100%&#8220; max_width_last_edited=&#8220;on|phone&#8220; module_alignment=&#8220;center&#8220; custom_margin=&#8220;||30px|||&#8220; custom_padding=&#8220;2px|20px|20px|20px||&#8220; custom_padding_tablet=&#8220;2px|20px|20px|20px||&#8220; custom_padding_phone=&#8220;2px|5px|20px|5px|false|false&#8220; custom_padding_last_edited=&#8220;on|phone&#8220; text_font_tablet=&#8220;Roboto||||||||&#8220; text_font_phone=&#8220;Roboto||||||||&#8220; text_font_last_edited=&#8220;on|phone&#8220; text_font_size_tablet=&#8220;25px&#8220; text_font_size_phone=&#8220;23px&#8220; text_font_size_last_edited=&#8220;on|tablet&#8220; use_border_color=&#8220;off&#8220; border_color=&#8220;#ffffff&#8220; border_style=&#8220;solid&#8220; global_colors_info=&#8220;{}&#8220;]<\/p>\n<p>Chr\u00fctterwiebli, Wurzelsepp, Narri Narri Narro,<br \/>jedes Johr um d\u2018Fasnetzit, do sind mer wieder do.<br \/>Und wem mer ch\u00f6mmet us \u00e4m Wald,<br \/>sufet Bier und Schnaps, dass\u2018s knallt,<br \/>sp\u00fcret\u2018s alli L\u00fct,<br \/>Fasnet mach\u00e4, \u201as isch halt so,<br \/>\u00f6b&#8217;s bi \u00fcs, \u00f6b&#8217;s anderschtwo,<br \/>&#8217;s h\u00e4lt en jed\u00e4 fit.<\/p>\n<p>[\/et_pb_text][et_pb_button button_url=&#8220;@ET-DC@eyJkeW5hbWljIjp0cnVlLCJjb250ZW50IjoicG9zdF9saW5rX3VybF9wYWdlIiwic2V0dGluZ3MiOnsicG9zdF9pZCI6IjEzMTYifX0=@&#8220; button_text=&#8220;mehr \u00fcber uns&#8220; button_alignment=&#8220;center&#8220; _builder_version=&#8220;4.27.4&#8243; _dynamic_attributes=&#8220;button_url&#8220; _module_preset=&#8220;default&#8220; custom_button=&#8220;on&#8220; button_text_size=&#8220;19px&#8220; button_text_color=&#8220;#FFFFFF&#8220; button_bg_color=&#8220;#ffa100&#8243; button_border_width=&#8220;0px&#8220; button_border_radius=&#8220;30px&#8220; button_font=&#8220;&#8211;et_global_body_font||||||||&#8220; background_layout=&#8220;dark&#8220; custom_margin=&#8220;||0px||false|false&#8220; button_border_radius_tablet=&#8220;30px&#8220; button_border_radius_phone=&#8220;30px&#8220; button_border_radius_last_edited=&#8220;on|phone&#8220; box_shadow_style=&#8220;preset3&#8243; global_colors_info=&#8220;{}&#8220;][\/et_pb_button][\/et_pb_column][\/et_pb_row][\/et_pb_section]<\/p>\n","protected":false},"excerpt":{"rendered":"<p>Narrenverein Waldl\u00fcttle EberfingenNarrenverein Waldl\u00fctle EberfingenChr\u00fctterwiebli, Wurzelsepp, Narri Narri Narro,jedes Johr um d\u2018Fasnetzit, do sind mer wieder do.Und wem mer ch\u00f6mmet us \u00e4m Wald,sufet Bier und Schnaps, dass\u2018s knallt,sp\u00fcret\u2018s alli L\u00fct,Fasnet mach\u00e4, \u201as isch halt so,\u00f6b&#8217;s bi \u00fcs, \u00f6b&#8217;s anderschtwo,&#8217;s h\u00e4lt en jed\u00e4 fit.<\/p>\n","protected":false},"author":1,"featured_media":0,"parent":0,"menu_order":0,"comment_status":"closed","ping_status":"closed","template":"","meta":{"_et_pb_use_builder":"on","_et_pb_old_content":"","_et_gb_content_width":"","footnotes":""},"class_list":["post-1328","page","type-page","status-publish","hentry"],"yoast_head":"<!-- This site is optimized with the Yoast SEO plugin v25.8 - https:\/\/yoast.com\/wordpress\/plugins\/seo\/ -->\n<title>Home - Waldluetle.de<\/title>\n<meta name=\"robots\" content=\"index, follow, max-snippet:-1, max-image-preview:large, max-video-preview:-1\" \/>\n<link rel=\"canonical\" href=\"https:\/\/waldluetle-ev.de\/\" \/>\n<meta property=\"og:locale\" content=\"de_DE\" \/>\n<meta property=\"og:type\" content=\"article\" \/>\n<meta property=\"og:title\" content=\"Home - Waldluetle.de\" \/>\n<meta property=\"og:description\" content=\"Narrenverein Waldl\u00fcttle EberfingenNarrenverein Waldl\u00fctle EberfingenChr\u00fctterwiebli, Wurzelsepp, Narri Narri Narro,jedes Johr um d\u2018Fasnetzit, do sind mer wieder do.Und wem mer ch\u00f6mmet us \u00e4m Wald,sufet Bier und Schnaps, dass\u2018s knallt,sp\u00fcret\u2018s alli L\u00fct,Fasnet mach\u00e4, \u201as isch halt so,\u00f6b&#039;s bi \u00fcs, \u00f6b&#039;s anderschtwo,&#039;s h\u00e4lt en jed\u00e4 fit.\" \/>\n<meta property=\"og:url\" content=\"https:\/\/waldluetle-ev.de\/\" \/>\n<meta property=\"og:site_name\" content=\"Waldluetle.de\" \/>\n<meta property=\"article:modified_time\" content=\"2025-09-10T08:18:40+00:00\" \/>\n<meta name=\"twitter:card\" content=\"summary_large_image\" \/>\n<script type=\"application\/ld+json\" class=\"yoast-schema-graph\">{\"@context\":\"https:\/\/schema.org\",\"@graph\":[{\"@type\":\"WebPage\",\"@id\":\"https:\/\/waldluetle-ev.de\/\",\"url\":\"https:\/\/waldluetle-ev.de\/\",\"name\":\"Home - Waldluetle.de\",\"isPartOf\":{\"@id\":\"https:\/\/waldluetle-ev.de\/#website\"},\"datePublished\":\"2025-08-20T09:10:51+00:00\",\"dateModified\":\"2025-09-10T08:18:40+00:00\",\"breadcrumb\":{\"@id\":\"https:\/\/waldluetle-ev.de\/#breadcrumb\"},\"inLanguage\":\"de\",\"potentialAction\":[{\"@type\":\"ReadAction\",\"target\":[\"https:\/\/waldluetle-ev.de\/\"]}]},{\"@type\":\"BreadcrumbList\",\"@id\":\"https:\/\/waldluetle-ev.de\/#breadcrumb\",\"itemListElement\":[{\"@type\":\"ListItem\",\"position\":1,\"name\":\"Startseite\",\"item\":\"https:\/\/waldluetle-ev.de\/\"},{\"@type\":\"ListItem\",\"position\":2,\"name\":\"Home\"}]},{\"@type\":\"WebSite\",\"@id\":\"https:\/\/waldluetle-ev.de\/#website\",\"url\":\"https:\/\/waldluetle-ev.de\/\",\"name\":\"Waldluetle.de\",\"description\":\"\",\"potentialAction\":[{\"@type\":\"SearchAction\",\"target\":{\"@type\":\"EntryPoint\",\"urlTemplate\":\"https:\/\/waldluetle-ev.de\/?s={search_term_string}\"},\"query-input\":{\"@type\":\"PropertyValueSpecification\",\"valueRequired\":true,\"valueName\":\"search_term_string\"}}],\"inLanguage\":\"de\"}]}<\/script>\n<!-- \/ Yoast SEO plugin. -->","yoast_head_json":{"title":"Home - Waldluetle.de","robots":{"index":"index","follow":"follow","max-snippet":"max-snippet:-1","max-image-preview":"max-image-preview:large","max-video-preview":"max-video-preview:-1"},"canonical":"https:\/\/waldluetle-ev.de\/","og_locale":"de_DE","og_type":"article","og_title":"Home - Waldluetle.de","og_description":"Narrenverein Waldl\u00fcttle EberfingenNarrenverein Waldl\u00fctle EberfingenChr\u00fctterwiebli, Wurzelsepp, Narri Narri Narro,jedes Johr um d\u2018Fasnetzit, do sind mer wieder do.Und wem mer ch\u00f6mmet us \u00e4m Wald,sufet Bier und Schnaps, dass\u2018s knallt,sp\u00fcret\u2018s alli L\u00fct,Fasnet mach\u00e4, \u201as isch halt so,\u00f6b's bi \u00fcs, \u00f6b's anderschtwo,'s h\u00e4lt en jed\u00e4 fit.","og_url":"https:\/\/waldluetle-ev.de\/","og_site_name":"Waldluetle.de","article_modified_time":"2025-09-10T08:18:40+00:00","twitter_card":"summary_large_image","schema":{"@context":"https:\/\/schema.org","@graph":[{"@type":"WebPage","@id":"https:\/\/waldluetle-ev.de\/","url":"https:\/\/waldluetle-ev.de\/","name":"Home - Waldluetle.de","isPartOf":{"@id":"https:\/\/waldluetle-ev.de\/#website"},"datePublished":"2025-08-20T09:10:51+00:00","dateModified":"2025-09-10T08:18:40+00:00","breadcrumb":{"@id":"https:\/\/waldluetle-ev.de\/#breadcrumb"},"inLanguage":"de","potentialAction":[{"@type":"ReadAction","target":["https:\/\/waldluetle-ev.de\/"]}]},{"@type":"BreadcrumbList","@id":"https:\/\/waldluetle-ev.de\/#breadcrumb","itemListElement":[{"@type":"ListItem","position":1,"name":"Startseite","item":"https:\/\/waldluetle-ev.de\/"},{"@type":"ListItem","position":2,"name":"Home"}]},{"@type":"WebSite","@id":"https:\/\/waldluetle-ev.de\/#website","url":"https:\/\/waldluetle-ev.de\/","name":"Waldluetle.de","description":"","potentialAction":[{"@type":"SearchAction","target":{"@type":"EntryPoint","urlTemplate":"https:\/\/waldluetle-ev.de\/?s={search_term_string}"},"query-input":{"@type":"PropertyValueSpecification","valueRequired":true,"valueName":"search_term_string"}}],"inLanguage":"de"}]}},"_links":{"self":[{"href":"https:\/\/waldluetle-ev.de\/index.php\/wp-json\/wp\/v2\/pages\/1328","targetHints":{"allow":["GET"]}}],"collection":[{"href":"https:\/\/waldluetle-ev.de\/index.php\/wp-json\/wp\/v2\/pages"}],"about":[{"href":"https:\/\/waldluetle-ev.de\/index.php\/wp-json\/wp\/v2\/types\/page"}],"author":[{"embeddable":true,"href":"https:\/\/waldluetle-ev.de\/index.php\/wp-json\/wp\/v2\/users\/1"}],"replies":[{"embeddable":true,"href":"https:\/\/waldluetle-ev.de\/index.php\/wp-json\/wp\/v2\/comments?post=1328"}],"version-history":[{"count":16,"href":"https:\/\/waldluetle-ev.de\/index.php\/wp-json\/wp\/v2\/pages\/1328\/revisions"}],"predecessor-version":[{"id":1676,"href":"https:\/\/waldluetle-ev.de\/index.php\/wp-json\/wp\/v2\/pages\/1328\/revisions\/1676"}],"wp:attachment":[{"href":"https:\/\/waldluetle-ev.de\/index.php\/wp-json\/wp\/v2\/media?parent=1328"}],"curies":[{"name":"wp","href":"https:\/\/api.w.org\/{rel}","templated":true}]}}